{"id":151,"date":"2016-01-31T16:22:02","date_gmt":"2016-01-31T15:22:02","guid":{"rendered":"http:\/\/novy.veltron.eu\/novy\/cs\/?page_id=151"},"modified":"2017-07-28T15:03:01","modified_gmt":"2017-07-28T14:03:01","slug":"foires","status":"publish","type":"page","link":"https:\/\/veltron.eu\/fr\/foires\/","title":{"rendered":"Foires"},"content":{"rendered":"<h3>Vous aimeriez<\/h3>\n<ul>\n<li>conna\u00eetre la date et le lieu exact d\u2018une foire concr\u00e8te en R\u00e9publique tch\u00e8que ?<\/li>\n<li>savoir quelles foires importantes sont organis\u00e9es dans un secteur pr\u00e9cis ?<\/li>\n<li>choisir une foire convenable pour la pr\u00e9sentation de vos produits en R\u00e9publique tch\u00e8que ?<\/li>\n<\/ul>\n<h3>Vous voulez<\/h3>\n<ul>\n<li>participer \u00e0 une foire concr\u00e8te en R\u00e9publique tch\u00e8que ?<\/li>\n<li>que quelqu\u2018un s\u2018occupe de toutes les formalit\u00e9s au lieu de vous ?<\/li>\n<\/ul>\n<p><strong><a href=\"https:\/\/veltron.eu\/fr\/contact\/\">Contact<\/a><\/strong><\/p>\n<h3>La soci\u00e9t\u00e9 VELTRON spol. s r.o. a assur\u00e9 la participation de ses clients importants tch\u00e8ques aux foires suivantes en Pologne<\/h3>\n<h4 lang=\"pl-PL\">ELTARG&#8217;2001 Katowice<\/h4>\n<p><em>10\u00e8me Foire de l\u2018Electrotechnique, de l\u2018Electronique, de l\u2018Electro\u00e9nerg\u00e9tique et de la T\u00e9l\u00e9communication<\/em>.<br \/>\nPavillon 1, stand n\u00b0 1187.<br \/>\noffre de l\u2019exposant : Syst\u00e8mes industriels de commande et de diagnostic AURA<\/p>\n<table class=\" alignleft\" style=\"border-color: #ffffff; margin-bottom: 20px;\">\n<tbody>\n<tr>\n<td style=\"border-color: #ffffff;\"><img loading=\"lazy\" decoding=\"async\" class=\"wp-image-182 alignleft\" src=\"http:\/\/veltron.eu\/wp-content\/uploads\/2016\/01\/kato3-1.jpg\" alt=\"Uk\u00e1zka prezentace na veletrhu\" width=\"320\" height=\"240\" \/><\/td>\n<td style=\"border-color: #ffffff;\"><img loading=\"lazy\" decoding=\"async\" class=\"wp-image-243 alignleft\" src=\"http:\/\/veltron.eu\/wp-content\/uploads\/2016\/01\/kato4.jpg\" alt=\"kato4\" width=\"320\" height=\"240\" \/><\/td>\n<\/tr>\n<\/tbody>\n<\/table>\n<h4 lang=\"pl-PL\">ECOENERGIA&#8217;2001 Gda\u0144sk<\/h4>\n<p lang=\"pl-PL\"><em>6\u00e8me Foire de l\u2018Energ\u00e9tique et de la Protection de l\u2018Environnement<\/em>.<br \/>\nPavillon 05, stand n\u00b0 02<br \/>\noffre de l\u2019exposant : Syst\u00e8mes industriels de commande et de diagnostic AURA<\/p>\n<table class=\" alignleft\" style=\"border-color: #ffffff; margin-bottom: 20px;\">\n<tbody>\n<tr>\n<td style=\"border-color: #ffffff;\"><a href=\"http:\/\/veltron.eu\/wp-content\/uploads\/2016\/01\/gdansk1.jpg\" rel=\"attachment wp-att-262\"><img loading=\"lazy\" decoding=\"async\" class=\"alignright size-full wp-image-262\" src=\"http:\/\/veltron.eu\/wp-content\/uploads\/2016\/01\/gdansk1.jpg\" alt=\"gdansk1\" width=\"320\" height=\"240\" \/><\/a><\/td>\n<td style=\"border-color: #ffffff;\"><a href=\"http:\/\/veltron.eu\/wp-content\/uploads\/2016\/01\/gdansk2.jpg\"><img loading=\"lazy\" decoding=\"async\" class=\"alignright wp-image-263 size-full\" src=\"http:\/\/veltron.eu\/wp-content\/uploads\/2016\/01\/gdansk2.jpg\" alt=\"\" width=\"320\" height=\"240\" \/><\/a><\/td>\n<\/tr>\n<\/tbody>\n<\/table>\n<h4 lang=\"pl-PL\">MTP&#8217;2000 Poznan<\/h4>\n<p lang=\"pl-PL\"><em>72\u00e8me Foire Internationale de Poznan &#8220;Technologies Industrielles et Biens d\u2018Investissement&#8221;<\/em><br \/>\nPavillon 14, stand n\u00b0 35<br \/>\noffre des exposants :\u00a0irc syst\u00e8mes de commande et de r\u00e9glage de la temp\u00e9rature TRASCO<br \/>\nsyst\u00e8mes industriels de commande et de diagnostic AURA<\/p>\n<table class=\" alignleft\" style=\"border-color: #ffffff; margin-bottom: 20px;\">\n<tbody>\n<tr>\n<td style=\"border-color: #ffffff;\"><img loading=\"lazy\" decoding=\"async\" class=\"alignright wp-image-266\" src=\"http:\/\/veltron.eu\/wp-content\/uploads\/2016\/01\/poznan2.jpg\" alt=\"\" width=\"320\" height=\"229\" \/><\/td>\n<td style=\"border-color: #ffffff;\"><\/td>\n<\/tr>\n<\/tbody>\n<\/table>\n<h4><span lang=\"pl-PL\">ELTARG&#8217;2000 Katowice\u00a0<\/span><\/h4>\n<p><em>9\u00e8me Foire Internationale de l\u2018Electrotechnique, de l\u2018Electronique et de l\u2018Electro\u00e9nerg\u00e9tique<\/em><br \/>\nPavillon 1, stand n\u00b0 1224<br \/>\noffre des exposants :\u00a0irc syst\u00e8mes de commande et r\u00e9glage de la temp\u00e9rature TRASCO<br \/>\nsyst\u00e8mes industriels de commande et de diagnostic AURA<\/p>\n<table class=\" alignleft\" style=\"border-color: #ffffff; margin-bottom: 20px;\">\n<tbody>\n<tr>\n<td style=\"border-color: #ffffff;\"><a href=\"http:\/\/veltron.eu\/wp-content\/uploads\/2016\/01\/kato1.jpg\" rel=\"attachment wp-att-268\"><img loading=\"lazy\" decoding=\"async\" class=\"alignright size-full wp-image-268\" src=\"http:\/\/veltron.eu\/wp-content\/uploads\/2016\/01\/kato1.jpg\" alt=\"kato1\" width=\"320\" height=\"219\" \/><\/a><\/td>\n<td style=\"border-color: #ffffff;\"><a href=\"http:\/\/veltron.eu\/wp-content\/uploads\/2016\/01\/kato2.jpg\"><img loading=\"lazy\" decoding=\"async\" class=\"alignright wp-image-269 size-full\" src=\"http:\/\/veltron.eu\/wp-content\/uploads\/2016\/01\/kato2.jpg\" alt=\"\" width=\"320\" height=\"219\" \/><\/a><\/td>\n<\/tr>\n<\/tbody>\n<\/table>\n<p><span lang=\"pl-PL\">\u00a0<\/span><\/p>\n<h4><span lang=\"pl-PL\">ELEKTRO-ENERGY&#8217;98 Krak\u00f3w<\/span><\/h4>\n<p><em>Foire de l\u2018Electrotechnique, de l\u2018Electronique et de l\u2018Electro\u00e9nerg\u00e9tique<\/em><br \/>\nCentre des Foires &#8211; Chemobudowa, stand n\u00b0 15<br \/>\noffre des exposants : irc syst\u00e8mes de commande et de r\u00e9glage de la temp\u00e9rature TRASCO<br \/>\nsyst\u00e8mes industriels de commande et de diagnostic AURA<\/p>\n<h4><span lang=\"pl-PL\">MTP&#8217;98 Poznan<\/span><\/h4>\n<p><em>70\u00e8me Foire Internationale de Poznan &#8220;Technologies Industrielles et Biens d\u2018Investissement&#8221;<\/em><br \/>\nPavillon 22, stand n\u00b0 3<br \/>\noffre des exposants :\u00a0irc syst\u00e8mes de commande et de r\u00e9glage de la temp\u00e9rature TRASCO<br \/>\nsyst\u00e8mes industriels de commande et de diagnostic AURA<\/p>\n<h4><span lang=\"pl-PL\">ELTARG&#8217;98 Katowice<\/span><\/h4>\n<p><em>7\u00e8me Foire Internationale de l\u2018Electrotechnique, de l\u2018Electronique et de l\u2018Electro\u00e9nerg\u00e9tique<\/em><br \/>\noffre des exposants : irc syst\u00e8mes de commande et de r\u00e9glage de la temp\u00e9rature TRASCO<br \/>\nsyst\u00e8mes industriels de commande et de diagnostic AURA<\/p>\n<h4 lang=\"pl-PL\">ECODOM&#8217;98 Katowice<\/h4>\n<p lang=\"pl-PL\"><em>9\u00e8me Foire Internationale du Mesurage et de l\u2018Economie de la Chaleur<\/em><br \/>\noffre de l\u2019exposant : irc syst\u00e8mes de commande et de r\u00e9glage de la temp\u00e9rature TRASCO<\/p>\n<h4 lang=\"pl-PL\">ELEKTRO-ENERGY&#8217;97 Krak\u00f3w<\/h4>\n<p lang=\"pl-PL\"><em>Foire Electrotechnique, Electronique et Electro\u00e9nerg\u00e9tique<\/em><br \/>\noffre de l\u2019exposant : irc syst\u00e8mes de commande et de r\u00e9glage de la temp\u00e9rature TRASCO<\/p>\n<h4 lang=\"pl-PL\">ECODOM&#8217;97 Katowice<\/h4>\n<p lang=\"pl-PL\"><em>8\u00e8me Foire Internationale du Mesurage et de l\u2018Economie de la Chaleur<\/em><br \/>\noffre de l\u2019exposant : irc syst\u00e8mes de commande et de r\u00e9glage de la temp\u00e9rature TRASCO<\/p>\n<div id=\"attachment_261\" style=\"width: 290px\" class=\"wp-caption alignnone\"><a href=\"http:\/\/veltron.eu\/wp-content\/uploads\/2016\/01\/medaile.png\" rel=\"attachment wp-att-261\"><img loading=\"lazy\" decoding=\"async\" aria-describedby=\"caption-attachment-261\" class=\"size-full wp-image-261\" src=\"http:\/\/veltron.eu\/wp-content\/uploads\/2016\/01\/medaile.png\" alt=\"Medaile ECODOM&#039;97 Katowice\" width=\"280\" height=\"272\" \/><\/a><p id=\"caption-attachment-261\" class=\"wp-caption-text\">Le client a obtenu la m\u00e9daille de la Foire Internationale de Katowice (MTK) pour la pr\u00e9sentation de la nouvelle g\u00e9n\u00e9ration des unit\u00e9s de commande HELIA<\/p><\/div>\n<h4 lang=\"pl-PL\">InterRES&#8217;96 Rzesz\u00f3w<\/h4>\n<p lang=\"pl-PL\"><em>Foire de la Technique et du B\u00e2timent<\/em><br \/>\noffre de l\u2019exposant : irc syst\u00e8mes de commande et de r\u00e9glage de la temp\u00e9rature TRASCO<\/p>\n","protected":false},"excerpt":{"rendered":"<p>Vous aimeriez conna\u00eetre la date et le lieu exact d\u2018une foire concr\u00e8te en R\u00e9publique tch\u00e8que ? savoir quelles foires importantes sont organis\u00e9es dans un secteur pr\u00e9cis ? choisir une foire convenable pour la pr\u00e9sentation de vos produits en R\u00e9publique tch\u00e8que ? Vous voulez participer \u00e0 une foire concr\u00e8te en R\u00e9publique tch\u00e8que ? que quelqu\u2018un s\u2018occupe<\/p>\n","protected":false},"author":1,"featured_media":0,"parent":0,"menu_order":0,"comment_status":"closed","ping_status":"closed","template":"page-fullwidth.php","meta":{"footnotes":""},"class_list":["post-151","page","type-page","status-publish","hentry"],"_links":{"self":[{"href":"https:\/\/veltron.eu\/fr\/wp-json\/wp\/v2\/pages\/151","targetHints":{"allow":["GET"]}}],"collection":[{"href":"https:\/\/veltron.eu\/fr\/wp-json\/wp\/v2\/pages"}],"about":[{"href":"https:\/\/veltron.eu\/fr\/wp-json\/wp\/v2\/types\/page"}],"author":[{"embeddable":true,"href":"https:\/\/veltron.eu\/fr\/wp-json\/wp\/v2\/users\/1"}],"replies":[{"embeddable":true,"href":"https:\/\/veltron.eu\/fr\/wp-json\/wp\/v2\/comments?post=151"}],"version-history":[{"count":6,"href":"https:\/\/veltron.eu\/fr\/wp-json\/wp\/v2\/pages\/151\/revisions"}],"predecessor-version":[{"id":382,"href":"https:\/\/veltron.eu\/fr\/wp-json\/wp\/v2\/pages\/151\/revisions\/382"}],"wp:attachment":[{"href":"https:\/\/veltron.eu\/fr\/wp-json\/wp\/v2\/media?parent=151"}],"curies":[{"name":"wp","href":"https:\/\/api.w.org\/{rel}","templated":true}]}}